{"id":7625,"date":"2023-04-13T15:38:49","date_gmt":"2023-04-13T12:38:49","guid":{"rendered":"http:\/\/unam.bilkent.edu.tr\/en\/?post_type=tribe_events&#038;p=7625"},"modified":"2023-04-13T15:44:50","modified_gmt":"2023-04-13T12:44:50","slug":"the-world-quantum-day-celebrated-at-unam","status":"publish","type":"tribe_events","link":"https:\/\/unam.bilkent.edu.tr\/en\/event\/the-world-quantum-day-celebrated-at-unam\/","title":{"rendered":"The World Quantum Day Celebrated at UNAM"},"content":{"rendered":"<p>In honor of the World Quantum Day, Bilkent University\u2019s National Nanotechnology Research Center (UNAM) will be holding an event on Saturday, April 15 in partnership with QTurkey.<\/p>\n<p>The World Quantum Day has been celebrated since April 14, 2021, with the aims of creating social awareness about quantum technologies and increasing the interest and knowledge levels of individuals who will develop and use these technologies in the future. This year, QTurkey is organizing the event in both online and face-to-face formats in Istanbul, Ankara, and Izmir. Additional support will be provided by student branches from QSB \u00c7OM\u00dc, QSB Bilkent, QSB SU, QSB KU, QSB MSGSU, QSB TOBB ET\u00dc, QSB IZTECH, QSB TGU, QSB GTU, QSB \u0130T\u00dc, QSB METU, and QSB Marmara.<\/p>\n<p>Speakers at the event will include Asst. Prof. Hasan Y\u0131lmaz and Asst. Prof. \u0130brahim Sarpkaya from UNAM, Prof. Dr. O\u011fuz G\u00fclseren and Asst. Prof. Cihan Okay from Bilkent University, Asst. Prof. Osman Bar\u0131\u015f Malc\u0131o\u011flu from METU, and Assoc. Prof. Murat Kurt from Ondokuz May\u0131s University.<\/p>\n<p><strong>Register:<\/strong><\/p>\n<blockquote class=\"wp-embedded-content\" data-secret=\"cOjS3pxkSi\"><p><a href=\"https:\/\/qturkey.org\/14nisan-23\/\">14 Nisan D\u00fcnya Kuantum G\u00fcn\u00fc<\/a><\/p><\/blockquote>\n<p><iframe loading=\"lazy\" class=\"wp-embedded-content\" sandbox=\"allow-scripts\" security=\"restricted\" style=\"position: absolute; visibility: hidden;\" title=\"&#8220;14 Nisan D\u00fcnya Kuantum G\u00fcn\u00fc&#8221; &#8212; QTurkey\" src=\"https:\/\/qturkey.org\/14nisan-23\/embed\/#?secret=eC84dOPBB3#?secret=cOjS3pxkSi\" data-secret=\"cOjS3pxkSi\" width=\"580\" height=\"327\" frameborder=\"0\" marginwidth=\"0\" marginheight=\"0\" scrolling=\"no\"><\/iframe><\/p>\n<p><strong>Program:<br \/>\n<\/strong>14:40 Climbing the Full Universal Density Functional Ladder Using Quantum Machine Learning \u2013 Asst. Prof. Bar\u0131\u015f Malc\u0131o\u011flu<\/p>\n<p>15:10 Quantum Light in Complex Systems &#8211; Asst. Prof. Hasan Y\u0131lmaz<\/p>\n<p>15:40 Quantum Arithmetic from Qubits to Qudits &#8211; Assoc. Prof. Murat Kurt<\/p>\n<p>16:40 Materials for Quantum Technologies &#8211; Prof. Dr. O\u011fuz G\u00fclseren<\/p>\n<p>17:10 Quantum Light Sources in Low-Dimensional Materials &#8211; Asst. Prof. \u0130brahim Sarpkaya<\/p>\n","protected":false},"excerpt":{"rendered":"<p>In honor of the World Quantum Day, Bilkent University\u2019s National Nanotechnology Research Center (UNAM) will be holding an event on Saturday, April 15 in partnership with QTurkey. The World Quantum [&hellip;]<\/p>\n","protected":false},"author":1,"featured_media":7629,"comment_status":"open","ping_status":"closed","template":"","meta":{"inline_featured_image":false,"_tribe_events_status":"","_tribe_events_status_reason":"","footnotes":""},"tags":[],"tribe_events_cat":[],"class_list":["post-7625","tribe_events","type-tribe_events","status-publish","has-post-thumbnail","hentry"],"yoast_head":"<!-- This site is optimized with the Yoast SEO plugin v19.13 - https:\/\/yoast.com\/wordpress\/plugins\/seo\/ -->\n<title>The World Quantum Day Celebrated at UNAM - UNAM Nanoteknoloji Ara\u015ft\u0131rma Merkezi<\/title>\n<meta name=\"robots\" content=\"index, follow, max-snippet:-1, max-image-preview:large, max-video-preview:-1\" \/>\n<link rel=\"canonical\" href=\"http:\/\/unam.bilkent.edu.tr\/en\/event\/the-world-quantum-day-celebrated-at-unam\/\" \/>\n<meta property=\"og:locale\" content=\"en_US\" \/>\n<meta property=\"og:type\" content=\"article\" \/>\n<meta property=\"og:title\" content=\"The World Quantum Day Celebrated at UNAM - UNAM Nanoteknoloji Ara\u015ft\u0131rma Merkezi\" \/>\n<meta property=\"og:description\" content=\"In honor of the World Quantum Day, Bilkent University\u2019s National Nanotechnology Research Center (UNAM) will be holding an event on Saturday, April 15 in partnership with QTurkey. The World Quantum [&hellip;]\" \/>\n<meta property=\"og:url\" content=\"http:\/\/unam.bilkent.edu.tr\/en\/event\/the-world-quantum-day-celebrated-at-unam\/\" \/>\n<meta property=\"og:site_name\" content=\"UNAM Nanoteknoloji Ara\u015ft\u0131rma Merkezi\" \/>\n<meta property=\"article:modified_time\" content=\"2023-04-13T12:44:50+00:00\" \/>\n<meta property=\"og:image\" content=\"http:\/\/unam.bilkent.edu.tr\/en\/wp-content\/uploads\/2023\/04\/QQ2.png\" \/>\n\t<meta property=\"og:image:width\" content=\"1920\" \/>\n\t<meta property=\"og:image:height\" content=\"1080\" \/>\n\t<meta property=\"og:image:type\" content=\"image\/png\" \/>\n<meta name=\"twitter:card\" content=\"summary_large_image\" \/>\n<meta name=\"twitter:label1\" content=\"Est. reading time\" \/>\n\t<meta name=\"twitter:data1\" content=\"1 minute\" \/>\n<script type=\"application\/ld+json\" class=\"yoast-schema-graph\">{\"@context\":\"https:\/\/schema.org\",\"@graph\":[{\"@type\":\"WebPage\",\"@id\":\"http:\/\/unam.bilkent.edu.tr\/en\/event\/the-world-quantum-day-celebrated-at-unam\/\",\"url\":\"http:\/\/unam.bilkent.edu.tr\/en\/event\/the-world-quantum-day-celebrated-at-unam\/\",\"name\":\"The World Quantum Day Celebrated at UNAM - UNAM Nanoteknoloji Ara\u015ft\u0131rma Merkezi\",\"isPartOf\":{\"@id\":\"https:\/\/unam.bilkent.edu.tr\/en\/#website\"},\"datePublished\":\"2023-04-13T12:38:49+00:00\",\"dateModified\":\"2023-04-13T12:44:50+00:00\",\"breadcrumb\":{\"@id\":\"http:\/\/unam.bilkent.edu.tr\/en\/event\/the-world-quantum-day-celebrated-at-unam\/#breadcrumb\"},\"inLanguage\":\"en-US\",\"potentialAction\":[{\"@type\":\"ReadAction\",\"target\":[\"http:\/\/unam.bilkent.edu.tr\/en\/event\/the-world-quantum-day-celebrated-at-unam\/\"]}]},{\"@type\":\"BreadcrumbList\",\"@id\":\"http:\/\/unam.bilkent.edu.tr\/en\/event\/the-world-quantum-day-celebrated-at-unam\/#breadcrumb\",\"itemListElement\":[{\"@type\":\"ListItem\",\"position\":1,\"name\":\"Home\",\"item\":\"https:\/\/unam.bilkent.edu.tr\/en\/\"},{\"@type\":\"ListItem\",\"position\":2,\"name\":\"Events\",\"item\":\"https:\/\/unam.bilkent.edu.tr\/en\/events\/\"},{\"@type\":\"ListItem\",\"position\":3,\"name\":\"The World Quantum Day Celebrated at UNAM\"}]},{\"@type\":\"WebSite\",\"@id\":\"https:\/\/unam.bilkent.edu.tr\/en\/#website\",\"url\":\"https:\/\/unam.bilkent.edu.tr\/en\/\",\"name\":\"UNAM Nanoteknoloji Ara\u015ft\u0131rma Merkezi\",\"description\":\"Bilkent UNAM\",\"potentialAction\":[{\"@type\":\"SearchAction\",\"target\":{\"@type\":\"EntryPoint\",\"urlTemplate\":\"https:\/\/unam.bilkent.edu.tr\/en\/?s={search_term_string}\"},\"query-input\":\"required name=search_term_string\"}],\"inLanguage\":\"en-US\"}]}<\/script>\n<!-- \/ Yoast SEO plugin. -->","yoast_head_json":{"title":"The World Quantum Day Celebrated at UNAM - UNAM Nanoteknoloji Ara\u015ft\u0131rma Merkezi","robots":{"index":"index","follow":"follow","max-snippet":"max-snippet:-1","max-image-preview":"max-image-preview:large","max-video-preview":"max-video-preview:-1"},"canonical":"http:\/\/unam.bilkent.edu.tr\/en\/event\/the-world-quantum-day-celebrated-at-unam\/","og_locale":"en_US","og_type":"article","og_title":"The World Quantum Day Celebrated at UNAM - UNAM Nanoteknoloji Ara\u015ft\u0131rma Merkezi","og_description":"In honor of the World Quantum Day, Bilkent University\u2019s National Nanotechnology Research Center (UNAM) will be holding an event on Saturday, April 15 in partnership with QTurkey. The World Quantum [&hellip;]","og_url":"http:\/\/unam.bilkent.edu.tr\/en\/event\/the-world-quantum-day-celebrated-at-unam\/","og_site_name":"UNAM Nanoteknoloji Ara\u015ft\u0131rma Merkezi","article_modified_time":"2023-04-13T12:44:50+00:00","og_image":[{"width":1920,"height":1080,"url":"http:\/\/unam.bilkent.edu.tr\/en\/wp-content\/uploads\/2023\/04\/QQ2.png","type":"image\/png"}],"twitter_card":"summary_large_image","twitter_misc":{"Est. reading time":"1 minute"},"schema":{"@context":"https:\/\/schema.org","@graph":[{"@type":"WebPage","@id":"http:\/\/unam.bilkent.edu.tr\/en\/event\/the-world-quantum-day-celebrated-at-unam\/","url":"http:\/\/unam.bilkent.edu.tr\/en\/event\/the-world-quantum-day-celebrated-at-unam\/","name":"The World Quantum Day Celebrated at UNAM - UNAM Nanoteknoloji Ara\u015ft\u0131rma Merkezi","isPartOf":{"@id":"https:\/\/unam.bilkent.edu.tr\/en\/#website"},"datePublished":"2023-04-13T12:38:49+00:00","dateModified":"2023-04-13T12:44:50+00:00","breadcrumb":{"@id":"http:\/\/unam.bilkent.edu.tr\/en\/event\/the-world-quantum-day-celebrated-at-unam\/#breadcrumb"},"inLanguage":"en-US","potentialAction":[{"@type":"ReadAction","target":["http:\/\/unam.bilkent.edu.tr\/en\/event\/the-world-quantum-day-celebrated-at-unam\/"]}]},{"@type":"BreadcrumbList","@id":"http:\/\/unam.bilkent.edu.tr\/en\/event\/the-world-quantum-day-celebrated-at-unam\/#breadcrumb","itemListElement":[{"@type":"ListItem","position":1,"name":"Home","item":"https:\/\/unam.bilkent.edu.tr\/en\/"},{"@type":"ListItem","position":2,"name":"Events","item":"https:\/\/unam.bilkent.edu.tr\/en\/events\/"},{"@type":"ListItem","position":3,"name":"The World Quantum Day Celebrated at UNAM"}]},{"@type":"WebSite","@id":"https:\/\/unam.bilkent.edu.tr\/en\/#website","url":"https:\/\/unam.bilkent.edu.tr\/en\/","name":"UNAM Nanoteknoloji Ara\u015ft\u0131rma Merkezi","description":"Bilkent UNAM","potentialAction":[{"@type":"SearchAction","target":{"@type":"EntryPoint","urlTemplate":"https:\/\/unam.bilkent.edu.tr\/en\/?s={search_term_string}"},"query-input":"required name=search_term_string"}],"inLanguage":"en-US"}]}},"_links":{"self":[{"href":"https:\/\/unam.bilkent.edu.tr\/en\/wp-json\/wp\/v2\/tribe_events\/7625","targetHints":{"allow":["GET"]}}],"collection":[{"href":"https:\/\/unam.bilkent.edu.tr\/en\/wp-json\/wp\/v2\/tribe_events"}],"about":[{"href":"https:\/\/unam.bilkent.edu.tr\/en\/wp-json\/wp\/v2\/types\/tribe_events"}],"author":[{"embeddable":true,"href":"https:\/\/unam.bilkent.edu.tr\/en\/wp-json\/wp\/v2\/users\/1"}],"replies":[{"embeddable":true,"href":"https:\/\/unam.bilkent.edu.tr\/en\/wp-json\/wp\/v2\/comments?post=7625"}],"version-history":[{"count":1,"href":"https:\/\/unam.bilkent.edu.tr\/en\/wp-json\/wp\/v2\/tribe_events\/7625\/revisions"}],"predecessor-version":[{"id":7626,"href":"https:\/\/unam.bilkent.edu.tr\/en\/wp-json\/wp\/v2\/tribe_events\/7625\/revisions\/7626"}],"wp:featuredmedia":[{"embeddable":true,"href":"https:\/\/unam.bilkent.edu.tr\/en\/wp-json\/wp\/v2\/media\/7629"}],"wp:attachment":[{"href":"https:\/\/unam.bilkent.edu.tr\/en\/wp-json\/wp\/v2\/media?parent=7625"}],"wp:term":[{"taxonomy":"post_tag","embeddable":true,"href":"https:\/\/unam.bilkent.edu.tr\/en\/wp-json\/wp\/v2\/tags?post=7625"},{"taxonomy":"tribe_events_cat","embeddable":true,"href":"https:\/\/unam.bilkent.edu.tr\/en\/wp-json\/wp\/v2\/tribe_events_cat?post=7625"}],"curies":[{"name":"wp","href":"https:\/\/api.w.org\/{rel}","templated":true}]}}